{"id":202,"date":"2019-09-13T08:51:54","date_gmt":"2019-09-13T06:51:54","guid":{"rendered":"http:\/\/www.avsprevencion.com\/es\/?page_id=202"},"modified":"2025-06-19T11:13:17","modified_gmt":"2025-06-19T09:13:17","slug":"empresa","status":"publish","type":"page","link":"https:\/\/www.avsprevencion.com\/es\/empresa\/","title":{"rendered":"Empresa"},"content":{"rendered":"<p>[et_pb_section fb_built=\u00bb1&#8243; admin_label=\u00bbHero\u00bb _builder_version=\u00bb4.16&#8243; custom_padding=\u00bb0px|0px|0px|0px\u00bb animation_style=\u00bbzoom\u00bb animation_intensity_zoom=\u00bb4%\u00bb global_colors_info=\u00bb{}\u00bb][et_pb_row column_structure=\u00bb1_2,1_2&#8243; use_custom_gutter=\u00bbon\u00bb gutter_width=\u00bb1&#8243; make_equal=\u00bbon\u00bb module_class=\u00bb et_pb_row_fullwidth\u00bb _builder_version=\u00bb4.24.0&#8243; background_color=\u00bb#ffb400&#8243; background_image=\u00bbhttps:\/\/www.avsprevencion.com\/es\/wp-content\/uploads\/2020\/03\/circle-background-pattern.png\u00bb width=\u00bb100%\u00bb width_tablet=\u00bb100%\u00bb width_phone=\u00bb\u00bb width_last_edited=\u00bbon|desktop\u00bb max_width=\u00bb100%\u00bb max_width_tablet=\u00bb100%\u00bb max_width_phone=\u00bb\u00bb max_width_last_edited=\u00bbon|desktop\u00bb custom_padding=\u00bb0px||0px|\u00bb animation_style=\u00bbslide\u00bb animation_direction=\u00bbtop\u00bb animation_intensity_slide=\u00bb3%\u00bb make_fullwidth=\u00bbon\u00bb global_colors_info=\u00bb{}\u00bb][et_pb_column type=\u00bb1_2&#8243; _builder_version=\u00bb4.24.0&#8243; background_color=\u00bb#2b2b2b\u00bb background_enable_image=\u00bboff\u00bb background_blend=\u00bboverlay\u00bb background_video_mp4=\u00bbhttps:\/\/www.avsprevencion.com\/es\/wp-content\/uploads\/2024\/01\/AVS-fdown.net_.mp4&#8243; custom_padding=\u00bb|||\u00bb custom_padding_tablet=\u00bb300px||||false|false\u00bb custom_padding_phone=\u00bb300px||||false|false\u00bb custom_padding_last_edited=\u00bbon|tablet\u00bb global_colors_info=\u00bb{}\u00bb custom_padding__hover=\u00bb|||\u00bb][et_pb_code _builder_version=\u00bb4.24.0&#8243; _module_preset=\u00bbdefault\u00bb custom_padding_tablet=\u00bb300px||||false|false\u00bb custom_padding_phone=\u00bb100px||||false|false\u00bb custom_padding_last_edited=\u00bbon|phone\u00bb global_colors_info=\u00bb{}\u00bb][\/et_pb_code][\/et_pb_column][et_pb_column type=\u00bb1_2&#8243; _builder_version=\u00bb4.16&#8243; custom_padding=\u00bb5%|8%|5%|8%|false|false\u00bb global_colors_info=\u00bb{}\u00bb custom_padding__hover=\u00bb|||\u00bb][et_pb_text _builder_version=\u00bb4.16&#8243; text_font=\u00bbMontserrat|500|||||||\u00bb text_text_color=\u00bb#2B2B2B\u00bb text_font_size=\u00bb16px\u00bb text_letter_spacing=\u00bb3px\u00bb custom_margin=\u00bb||45px|\u00bb custom_padding=\u00bb17px|||||\u00bb animation_style=\u00bbslide\u00bb animation_direction=\u00bbright\u00bb text_font_size_tablet=\u00bb16px\u00bb text_font_size_phone=\u00bb12px\u00bb text_font_size_last_edited=\u00bbon|phone\u00bb text_letter_spacing_tablet=\u00bb3px\u00bb text_letter_spacing_phone=\u00bb0px\u00bb text_letter_spacing_last_edited=\u00bbon|phone\u00bb text_line_height_tablet=\u00bb\u00bb text_line_height_phone=\u00bb1.3em\u00bb text_line_height_last_edited=\u00bbon|phone\u00bb text_orientation_tablet=\u00bb\u00bb text_orientation_phone=\u00bbcenter\u00bb text_orientation_last_edited=\u00bbon|phone\u00bb locked=\u00bboff\u00bb global_colors_info=\u00bb{}\u00bb]<\/p>\n<p>Para <span style=\"color: #ffffff;\"><strong>AVS<\/strong> <\/span>el cumplimiento de la normativa vigente as\u00ed como la integraci\u00f3n de la prevenci\u00f3n de riesgos laborales en la gesti\u00f3n de la empresa son objetivos primordiales<\/p>\n<p>[\/et_pb_text][et_pb_text quote_border_weight=\u00bb10px\u00bb quote_border_color=\u00bb#2B2B2B\u00bb _builder_version=\u00bb4.16&#8243; text_font=\u00bb||||||||\u00bb quote_text_color=\u00bb#2b2b2b\u00bb header_font=\u00bbMontserrat|700|||||||\u00bb header_font_size=\u00bb45px\u00bb header_line_height=\u00bb1.1em\u00bb background_layout=\u00bbdark\u00bb max_width=\u00bb800px\u00bb custom_margin=\u00bb||52px|||\u00bb animation_style=\u00bbslide\u00bb animation_direction=\u00bbright\u00bb animation_intensity_slide=\u00bb10%\u00bb text_font_size_tablet=\u00bb14px\u00bb text_font_size_last_edited=\u00bboff|desktop\u00bb header_font_size_tablet=\u00bb44px\u00bb header_font_size_phone=\u00bb25px\u00bb header_font_size_last_edited=\u00bbon|phone\u00bb border_color_all=\u00bb#2b2b2b\u00bb border_color_left=\u00bb#e09900&#8243; global_colors_info=\u00bb{}\u00bb]<\/p>\n<blockquote>\n<h1>Salud y Seguridad lo primero<\/h1>\n<\/blockquote>\n<p>[\/et_pb_text][et_pb_text _builder_version=\u00bb4.16&#8243; text_font=\u00bb|700||on|||||\u00bb text_text_color=\u00bb#ffffff\u00bb text_font_size=\u00bb16px\u00bb text_letter_spacing=\u00bb5px\u00bb background_color=\u00bb#2B2B2B\u00bb text_orientation=\u00bbcenter\u00bb custom_margin=\u00bb||16px||false|false\u00bb custom_padding=\u00bb7px||7px||true|false\u00bb animation_style=\u00bbslide\u00bb animation_direction=\u00bbright\u00bb animation_intensity_slide=\u00bb10%\u00bb link_option_url=\u00bb#equipo\u00bb border_radii=\u00bbon|10px|10px|10px|10px\u00bb global_colors_info=\u00bb{}\u00bb background__hover_enabled=\u00bbon|desktop\u00bb background_color__hover=\u00bb#ffffff\u00bb background_enable_color__hover=\u00bbon\u00bb text_text_color__hover_enabled=\u00bbon|hover\u00bb text_text_color__hover=\u00bb#e09900&#8243;]<\/p>\n<p>equipo y personal<\/p>\n<p>[\/et_pb_text][et_pb_text _builder_version=\u00bb4.16&#8243; text_font=\u00bb|700||on|||||\u00bb text_text_color=\u00bb#ffffff\u00bb text_font_size=\u00bb16px\u00bb text_letter_spacing=\u00bb5px\u00bb background_color=\u00bb#7c7c7c\u00bb text_orientation=\u00bbcenter\u00bb custom_margin=\u00bb||16px||false|false\u00bb custom_padding=\u00bb7px||7px||true|false\u00bb animation_style=\u00bbslide\u00bb animation_direction=\u00bbright\u00bb animation_intensity_slide=\u00bb10%\u00bb link_option_url=\u00bb#delegaciones\u00bb border_radii=\u00bbon|10px|10px|10px|10px\u00bb global_colors_info=\u00bb{}\u00bb background__hover_enabled=\u00bbon|hover\u00bb background_color__hover=\u00bb#ffffff\u00bb background_enable_color__hover=\u00bbon\u00bb text_text_color__hover_enabled=\u00bbon|hover\u00bb text_text_color__hover=\u00bb#ffb400&#8243;]<\/p>\n<p>Red de CENTROS<\/p>\n<p>[\/et_pb_text][et_pb_text _builder_version=\u00bb4.16&#8243; text_font=\u00bb|700||on|||||\u00bb text_text_color=\u00bb#ffffff\u00bb text_font_size=\u00bb16px\u00bb text_letter_spacing=\u00bb5px\u00bb background_color=\u00bb#2B2B2B\u00bb text_orientation=\u00bbcenter\u00bb custom_margin=\u00bb||16px||false|false\u00bb custom_padding=\u00bb7px||7px||true|false\u00bb animation_style=\u00bbslide\u00bb animation_direction=\u00bbright\u00bb animation_intensity_slide=\u00bb10%\u00bb link_option_url=\u00bb#areatecnica\u00bb border_radii=\u00bbon|10px|10px|10px|10px\u00bb global_colors_info=\u00bb{}\u00bb background__hover_enabled=\u00bbon|hover\u00bb background_color__hover=\u00bb#ffffff\u00bb background_enable_color__hover=\u00bbon\u00bb text_text_color__hover_enabled=\u00bbon|hover\u00bb text_text_color__hover=\u00bb#ffb400&#8243;]<\/p>\n<p>\u00c1rea T\u00e9cnica<\/p>\n<p>[\/et_pb_text][et_pb_text _builder_version=\u00bb4.16&#8243; text_font=\u00bb|700||on|||||\u00bb text_text_color=\u00bb#ffffff\u00bb text_font_size=\u00bb16px\u00bb text_letter_spacing=\u00bb5px\u00bb background_color=\u00bb#7c7c7c\u00bb text_orientation=\u00bbcenter\u00bb custom_margin=\u00bb||16px||false|false\u00bb custom_padding=\u00bb7px||7px||true|false\u00bb animation_style=\u00bbslide\u00bb animation_direction=\u00bbright\u00bb animation_intensity_slide=\u00bb10%\u00bb link_option_url=\u00bb#certificados\u00bb border_radii=\u00bbon|10px|10px|10px|10px\u00bb global_colors_info=\u00bb{}\u00bb background__hover_enabled=\u00bbon|hover\u00bb background_color__hover=\u00bb#ffffff\u00bb background_enable_color__hover=\u00bbon\u00bb text_text_color__hover_enabled=\u00bbon|hover\u00bb text_text_color__hover=\u00bb#e09900&#8243;]<\/p>\n<p>homologaciones<\/p>\n<p>[\/et_pb_text][et_pb_text _builder_version=\u00bb4.16&#8243; text_font=\u00bb|700||on|||||\u00bb text_text_color=\u00bb#ffffff\u00bb text_font_size=\u00bb16px\u00bb text_letter_spacing=\u00bb5px\u00bb background_color=\u00bb#2B2B2B\u00bb text_orientation=\u00bbcenter\u00bb custom_padding=\u00bb7px||7px||true|false\u00bb animation_style=\u00bbslide\u00bb animation_direction=\u00bbright\u00bb animation_intensity_slide=\u00bb10%\u00bb link_option_url=\u00bb#politicas\u00bb border_radii=\u00bbon|10px|10px|10px|10px\u00bb global_colors_info=\u00bb{}\u00bb background__hover_enabled=\u00bbon|hover\u00bb background_color__hover=\u00bb#ffffff\u00bb background_enable_color__hover=\u00bbon\u00bb text_text_color__hover_enabled=\u00bbon|hover\u00bb text_text_color__hover=\u00bb#e09900&#8243;]<\/p>\n<p>Pol\u00edticas<\/p>\n<p>[\/et_pb_text][\/et_pb_column][\/et_pb_row][\/et_pb_section][et_pb_section fb_built=\u00bb1&#8243; admin_label=\u00bbAbout\u00bb _builder_version=\u00bb4.16&#8243; background_image=\u00bbhttps:\/\/www.avsprevencion.com\/es\/wp-content\/uploads\/2019\/09\/fondowebavs3.jpg\u00bb global_colors_info=\u00bb{}\u00bb][et_pb_row column_structure=\u00bb1_2,1_2&#8243; _builder_version=\u00bb4.16&#8243; animation_style=\u00bbslide\u00bb animation_intensity_slide=\u00bb10%\u00bb global_colors_info=\u00bb{}\u00bb][et_pb_column type=\u00bb1_2&#8243; _builder_version=\u00bb4.16&#8243; custom_padding=\u00bb|||\u00bb global_colors_info=\u00bb{}\u00bb custom_padding__hover=\u00bb|||\u00bb][et_pb_text _builder_version=\u00bb4.16&#8243; text_font=\u00bb||||||||\u00bb text_font_size=\u00bb15px\u00bb text_line_height=\u00bb1.8em\u00bb custom_padding=\u00bb|||\u00bb custom_padding_tablet=\u00bb|40px||40px||true\u00bb custom_padding_last_edited=\u00bboff|desktop\u00bb global_colors_info=\u00bb{}\u00bb]<\/p>\n<p><strong><span style=\"color: #e09900;\">AVS,<\/span><\/strong> entidad acreditada con car\u00e1cter nacional como <strong>Servicio de Prevenci\u00f3n de Riesgos Laborales (SP 277\/ 09-SC), para las disciplinas de Seguridad en el Trabajo, Higiene Industrial, Ergonom\u00eda y Psicosociolog\u00eda Aplicada, y Medicina Laboral.<\/strong> Ofrecemos a las empresas, servicios y actuaciones personalizadas mediante programas de asesoramiento y apoyo espec\u00edfico que atiende sus necesidades reales de manera sencilla, \u00e1gil y eficaz.<\/p>\n<p>Asignamos a cada empresa un interlocutor \u00fanico. Un profesional capaz de gestionar y dar respuesta a todas las necesidades en prevenci\u00f3n de riesgos laborales que se le pueda plantear.<\/p>\n<p>Apoyados en la tecnolog\u00eda conseguimos facilitar a las empresas la gesti\u00f3n de la prevenci\u00f3n, permitiendo un \u00e1gil y r\u00e1pido acceso a la informaci\u00f3n.<\/p>\n<p>[\/et_pb_text][\/et_pb_column][et_pb_column type=\u00bb1_2&#8243; _builder_version=\u00bb4.16&#8243; custom_padding=\u00bb|||\u00bb global_colors_info=\u00bb{}\u00bb custom_padding__hover=\u00bb|||\u00bb][et_pb_text _builder_version=\u00bb4.16&#8243; text_font=\u00bb||||||||\u00bb text_font_size=\u00bb15px\u00bb text_line_height=\u00bb1.8em\u00bb custom_padding=\u00bb|||\u00bb custom_padding_tablet=\u00bb|40px||40px||true\u00bb custom_padding_last_edited=\u00bboff|desktop\u00bb locked=\u00bboff\u00bb global_colors_info=\u00bb{}\u00bb]<\/p>\n<p>Junto con la empresa buscamos minimizar los riesgos de accidentes, cuidar y mejorar la salud de sus trabajadores as\u00ed como incrementar la productividad de la misma.<\/p>\n<p>En los diferentes sectores estamos respaldados por importantes grupos empresariales, asociaciones de distintos sectores, cooperativas agr\u00edcolas, industriales, etc &#8230;; en las cuales estamos desarrollando sistemas de prevenci\u00f3n de riesgos laborales adecuado a las caracter\u00edsticas y necesidades de cada uno de nuestros clientes, ofreciendo un trato personalizado.<\/p>\n<p><img loading=\"lazy\" decoding=\"async\" src=\"https:\/\/www.avsprevencion.com\/es\/wp-content\/uploads\/2020\/07\/isosavs2020color-300x99.png\" width=\"300\" height=\"99\" alt=\"\" class=\"wp-image-1057 alignnone size-medium\" style=\"display: block; margin-left: auto; margin-right: auto;\" \/><\/p>\n<p>[\/et_pb_text][\/et_pb_column][\/et_pb_row][\/et_pb_section][et_pb_section fb_built=\u00bb1&#8243; use_custom_gutter=\u00bbon\u00bb gutter_width=\u00bb1&#8243; specialty=\u00bbon\u00bb padding_top_1=\u00bb80px\u00bb padding_right_1=\u00bb60px\u00bb padding_bottom_1=\u00bb25px\u00bb padding_left_1=\u00bb60px\u00bb padding_top_bottom_link_1=\u00bbfalse\u00bb padding_left_right_link_1=\u00bbtrue\u00bb padding_1_tablet=\u00bb|40px||40px||true\u00bb padding_1_phone=\u00bb\u00bb padding_1_last_edited=\u00bbon|phone\u00bb admin_label=\u00bbFeatures\u00bb module_id=\u00bbequipo\u00bb module_class=\u00bb et_pb_specialty_fullwidth\u00bb _builder_version=\u00bb4.16&#8243; background_color=\u00bb#ffb400&#8243; inner_width=\u00bb100%\u00bb inner_width_tablet=\u00bb100%\u00bb inner_width_phone=\u00bb\u00bb inner_width_last_edited=\u00bbon|desktop\u00bb inner_max_width=\u00bb100%\u00bb inner_max_width_tablet=\u00bb100%\u00bb inner_max_width_phone=\u00bb\u00bb inner_max_width_last_edited=\u00bbon|desktop\u00bb custom_padding=\u00bb0px||0px||true\u00bb make_fullwidth=\u00bbon\u00bb global_colors_info=\u00bb{}\u00bb][et_pb_column type=\u00bb1_3&#8243; _builder_version=\u00bb4.16&#8243; custom_padding=\u00bb|||\u00bb global_colors_info=\u00bb{}\u00bb padding_tablet=\u00bb|40px||40px||true\u00bb padding_last_edited=\u00bbon|phone\u00bb custom_padding__hover=\u00bb|||\u00bb padding_phone=\u00bb|40px||40px||true\u00bb][et_pb_text _builder_version=\u00bb4.16&#8243; text_font=\u00bb||||||||\u00bb link_font=\u00bb||||||||\u00bb ul_font=\u00bb||||||||\u00bb ol_font=\u00bb||||||||\u00bb quote_font=\u00bb||||||||\u00bb header_font=\u00bb||||||||\u00bb header_2_font=\u00bbRubik|700|||||||\u00bb header_2_text_color=\u00bb#2b2b2b\u00bb header_2_font_size=\u00bb30px\u00bb header_2_line_height=\u00bb1.2em\u00bb background_layout=\u00bbdark\u00bb module_alignment=\u00bbcenter\u00bb custom_margin=\u00bb|||\u00bb custom_padding=\u00bb2px||7px|||\u00bb animation_style=\u00bbslide\u00bb animation_direction=\u00bbleft\u00bb animation_intensity_slide=\u00bb10%\u00bb header_2_text_align_tablet=\u00bb\u00bb header_2_text_align_phone=\u00bbcenter\u00bb header_2_text_align_last_edited=\u00bbon|phone\u00bb header_2_font_size_tablet=\u00bb\u00bb header_2_font_size_phone=\u00bb30px\u00bb header_2_font_size_last_edited=\u00bbon|phone\u00bb locked=\u00bboff\u00bb global_colors_info=\u00bb{}\u00bb]<\/p>\n<h2>Equipo y personal<\/h2>\n<p>[\/et_pb_text][et_pb_divider color=\u00bb#ffffff\u00bb divider_weight=\u00bb5px\u00bb _builder_version=\u00bb4.16&#8243; max_width=\u00bb100px\u00bb animation_style=\u00bbslide\u00bb animation_direction=\u00bbleft\u00bb animation_intensity_slide=\u00bb10%\u00bb module_alignment_tablet=\u00bb\u00bb module_alignment_phone=\u00bbcenter\u00bb module_alignment_last_edited=\u00bbon|phone\u00bb locked=\u00bboff\u00bb global_colors_info=\u00bb{}\u00bb][\/et_pb_divider][et_pb_text _builder_version=\u00bb4.16&#8243; text_font=\u00bb||||||||\u00bb text_font_size=\u00bb15px\u00bb text_line_height=\u00bb1.5em\u00bb background_layout=\u00bbdark\u00bb custom_margin=\u00bb25px||0px||false|false\u00bb custom_padding=\u00bb|0px|28px|||\u00bb animation_style=\u00bbslide\u00bb animation_direction=\u00bbleft\u00bb animation_intensity_slide=\u00bb10%\u00bb locked=\u00bboff\u00bb global_colors_info=\u00bb{}\u00bb]<\/p>\n<p>El personal de <span style=\"color: #333333;\"><strong>AVS<\/strong> <\/span>cuenta con un claustro de profesionales en ejercicio formado por t\u00e9cnicos superiores y personal sanitario especializado, con una amplia experiencia en prevenci\u00f3n, desarrollo y difusi\u00f3n de programas formativos.<\/p>\n<p><span style=\"color: #000000;\"><strong>AVS<\/strong><\/span> cuenta con cl\u00ednicas propias y un importante parque de unidades m\u00f3viles, tanto para la realizaci\u00f3n de los ex\u00e1menes de salud como de consultas de diagn\u00f3stico y terap\u00e9uticas relacionadas con un amplio abanico de especialidades que dan respuesta a la demanda de m\u00e1s de 2000 pacientes que mensualmente atendemos.<\/p>\n<p>Nuestra plataforma digital cuenta, estructuralmente, con distintos m\u00f3dulos que permiten responder a las necesidades de gesti\u00f3n y otras funcionalidades para optimizar el tiempo entre nuestras empresas.<\/p>\n<p>[\/et_pb_text][et_pb_text _builder_version=\u00bb4.16&#8243; text_font=\u00bb|700|||||||\u00bb text_text_color=\u00bb#2b2b2b\u00bb text_font_size=\u00bb19px\u00bb custom_margin_tablet=\u00bb\u00bb custom_margin_phone=\u00bb||51px||false|false\u00bb custom_margin_last_edited=\u00bbon|phone\u00bb link_option_url=\u00bbhttps:\/\/www.avsprevencion.com\/es\/wp-content\/uploads\/2021\/10\/DOSSIER-AVS-web-2021.pdf\u00bb global_colors_info=\u00bb{}\u00bb]<\/p>\n<p><img loading=\"lazy\" decoding=\"async\" src=\"https:\/\/www.avsprevencion.com\/es\/wp-content\/uploads\/2020\/02\/pdficon-2-150x150.png\" width=\"86\" height=\"86\" alt=\"\" class=\"wp-image-734 alignleft size-thumbnail\" \/><\/p>\n<p>DESCARGAR DOSSIER INFORMATIVO<\/p>\n<p>[\/et_pb_text][\/et_pb_column][et_pb_column type=\u00bb2_3&#8243; specialty_columns=\u00bb2&#8243; _builder_version=\u00bb4.16&#8243; custom_padding=\u00bb|||\u00bb global_colors_info=\u00bb{}\u00bb custom_padding__hover=\u00bb|||\u00bb][et_pb_row_inner _builder_version=\u00bb4.16&#8243; custom_margin=\u00bb|||\u00bb custom_padding=\u00bb0||0||true|false\u00bb global_colors_info=\u00bb{}\u00bb][et_pb_column_inner saved_specialty_column_type=\u00bb2_3&#8243; _builder_version=\u00bb4.16&#8243; custom_padding=\u00bb|||\u00bb global_colors_info=\u00bb{}\u00bb custom_padding__hover=\u00bb|||\u00bb][et_pb_gallery gallery_ids=\u00bb1631,1635,399,400,401,403,405,406&#8243; fullwidth=\u00bbon\u00bb _builder_version=\u00bb4.20.0&#8243; animation_style=\u00bbslide\u00bb animation_direction=\u00bbright\u00bb animation_intensity_slide=\u00bb10%\u00bb auto=\u00bbon\u00bb auto_speed=\u00bb3000&#8243; global_colors_info=\u00bb{}\u00bb][\/et_pb_gallery][\/et_pb_column_inner][\/et_pb_row_inner][et_pb_row_inner column_structure=\u00bb1_2,1_2&#8243; make_equal=\u00bbon\u00bb padding_top_bottom_link_1=\u00bbtrue\u00bb padding_top_bottom_link_2=\u00bbtrue\u00bb padding_left_right_link_1=\u00bbtrue\u00bb _builder_version=\u00bb4.16&#8243; background_color=\u00bb#ffffff\u00bb custom_margin=\u00bb|||\u00bb custom_padding=\u00bb0px||0px||true|false\u00bb animation_style=\u00bbslide\u00bb animation_direction=\u00bbtop\u00bb animation_intensity_slide=\u00bb10%\u00bb box_shadow_style=\u00bbpreset3&#8243; box_shadow_vertical=\u00bb30px\u00bb box_shadow_blur=\u00bb65px\u00bb box_shadow_spread=\u00bb-30px\u00bb box_shadow_color=\u00bbrgba(0,0,0,0.35)\u00bb locked=\u00bboff\u00bb global_colors_info=\u00bb{}\u00bb][et_pb_column_inner type=\u00bb1_2&#8243; saved_specialty_column_type=\u00bb2_3&#8243; _builder_version=\u00bb4.16&#8243; background_color=\u00bb#2b2b2b\u00bb custom_padding=\u00bb25px|50px|25px|50px\u00bb global_colors_info=\u00bb{}\u00bb custom_padding__hover=\u00bb|||\u00bb][et_pb_text _builder_version=\u00bb4.16&#8243; header_font=\u00bb||||||||\u00bb header_2_font=\u00bb||||||||\u00bb header_3_font=\u00bbRubik|700|||||||\u00bb header_3_text_color=\u00bb#e09900&#8243; header_3_font_size=\u00bb30px\u00bb header_3_line_height=\u00bb1.4em\u00bb header_4_font=\u00bbRubik||||||||\u00bb header_4_text_color=\u00bb#ffffff\u00bb header_4_font_size=\u00bb24px\u00bb header_4_letter_spacing=\u00bb3px\u00bb header_4_line_height=\u00bb1.4em\u00bb custom_padding=\u00bb16px|||||\u00bb global_colors_info=\u00bb{}\u00bb]<\/p>\n<h3>Cl\u00ednicas Propias<\/h3>\n<h4>Unidades Moviles RM<\/h4>\n<p>[\/et_pb_text][\/et_pb_column_inner][et_pb_column_inner type=\u00bb1_2&#8243; saved_specialty_column_type=\u00bb2_3&#8243; _builder_version=\u00bb4.16&#8243; background_color=\u00bb#ffffff\u00bb background_image=\u00bbhttps:\/\/www.avsprevencion.com\/es\/wp-content\/uploads\/2019\/09\/AVSclini.jpg\u00bb custom_padding=\u00bb40px||40px|\u00bb global_colors_info=\u00bb{}\u00bb custom_padding__hover=\u00bb|||\u00bb][et_pb_text _builder_version=\u00bb4.16&#8243; custom_padding=\u00bb||6px|||\u00bb global_colors_info=\u00bb{}\u00bb]<\/p>\n<p>&nbsp;<\/p>\n<p>&nbsp;<\/p>\n<p>&nbsp;<\/p>\n<p>[\/et_pb_text][\/et_pb_column_inner][\/et_pb_row_inner][\/et_pb_column][\/et_pb_section][et_pb_section fb_built=\u00bb1&#8243; admin_label=\u00bbRelated Services\u00bb module_id=\u00bbdelegaciones\u00bb _builder_version=\u00bb4.16&#8243; background_color=\u00bb#f7f7f7&#8243; background_image=\u00bbhttps:\/\/www.avsprevencion.com\/es\/wp-content\/uploads\/2019\/09\/fondowebavs3.jpg\u00bb custom_padding=\u00bb50px|||||\u00bb global_colors_info=\u00bb{}\u00bb][et_pb_row _builder_version=\u00bb4.16&#8243; global_colors_info=\u00bb{}\u00bb][et_pb_column type=\u00bb4_4&#8243; _builder_version=\u00bb4.16&#8243; custom_padding=\u00bb|||\u00bb global_colors_info=\u00bb{}\u00bb custom_padding__hover=\u00bb|||\u00bb][et_pb_text _builder_version=\u00bb4.16&#8243; text_font=\u00bb||||||||\u00bb header_font=\u00bb||||||||\u00bb header_2_font=\u00bbRubik|700|||||||\u00bb header_2_font_size=\u00bb42px\u00bb header_2_line_height=\u00bb1.2em\u00bb text_orientation=\u00bbcenter\u00bb module_alignment=\u00bbcenter\u00bb custom_margin=\u00bb|||\u00bb custom_padding=\u00bb|||\u00bb animation_style=\u00bbslide\u00bb animation_intensity_slide=\u00bb10%\u00bb header_2_font_size_tablet=\u00bb\u00bb header_2_font_size_phone=\u00bb36px\u00bb header_2_font_size_last_edited=\u00bbon|phone\u00bb locked=\u00bboff\u00bb global_colors_info=\u00bb{}\u00bb]<\/p>\n<h2>Red de Centros<\/h2>\n<p>[\/et_pb_text][et_pb_divider divider_position=\u00bbcenter\u00bb divider_weight=\u00bb5px\u00bb _builder_version=\u00bb4.16&#8243; max_width=\u00bb50px\u00bb module_alignment=\u00bbcenter\u00bb animation_style=\u00bbslide\u00bb animation_intensity_slide=\u00bb10%\u00bb locked=\u00bboff\u00bb global_colors_info=\u00bb{}\u00bb][\/et_pb_divider][\/et_pb_column][\/et_pb_row][et_pb_row column_structure=\u00bb1_3,1_3,1_3&#8243; use_custom_gutter=\u00bbon\u00bb make_equal=\u00bbon\u00bb _builder_version=\u00bb4.17.3&#8243; width=\u00bb100%\u00bb global_colors_info=\u00bb{}\u00bb][et_pb_column type=\u00bb1_3&#8243; _builder_version=\u00bb4.17.3&#8243; background_color=\u00bb#2B2B2B\u00bb global_colors_info=\u00bb{}\u00bb][et_pb_blurb title=\u00bbHUELVA\u00bb use_icon=\u00bbon\u00bb font_icon=\u00bb&#x73;||divi||400&#8243; _builder_version=\u00bb4.17.3&#8243; header_font=\u00bbRubik|700|||||||\u00bb header_text_align=\u00bbcenter\u00bb header_text_color=\u00bb#ffffff\u00bb header_font_size=\u00bb35px\u00bb body_text_color=\u00bbrgba(255,255,255,0.6)\u00bb background_color=\u00bb#2b2b2b\u00bb custom_padding=\u00bb30px|30px|30px|30px|false|false\u00bb animation_style=\u00bbslide\u00bb animation_intensity_slide=\u00bb10%\u00bb global_colors_info=\u00bb{}\u00bb]<\/p>\n<p><strong>AVS HUELVA:<\/strong> C\/ Rasc\u00f3n 47, 21001 Huelva. Telf. 959 263 568<\/p>\n<p><strong>AVS CARTAYA:<\/strong> C\/ Frailes, 17, 21450 Cartaya. Telf. 959 392 204<\/p>\n<p><strong>Centro M\u00e9dico:<\/strong> Avenida Italia, 22, 21001 Huelva. Telf: 959 542 018<\/p>\n<p><strong>Email:<\/strong> <a href=\"mailto:info@avsprevencion.com\">info@avsprevencion.com<\/a><\/p>\n<p>&nbsp;<\/p>\n<p>[\/et_pb_blurb][\/et_pb_column][et_pb_column type=\u00bb1_3&#8243; _builder_version=\u00bb4.17.3&#8243; background_color=\u00bb#2B2B2B\u00bb global_colors_info=\u00bb{}\u00bb][et_pb_blurb title=\u00bbSEVILLA\u00bb use_icon=\u00bbon\u00bb font_icon=\u00bb&#x73;||divi||400&#8243; _builder_version=\u00bb4.17.3&#8243; header_font=\u00bbRubik|700|||||||\u00bb header_text_align=\u00bbcenter\u00bb header_text_color=\u00bb#ffffff\u00bb header_font_size=\u00bb35px\u00bb body_text_color=\u00bbrgba(255,255,255,0.6)\u00bb background_color=\u00bb#2b2b2b\u00bb custom_padding=\u00bb30px|30px|127px|30px|false|false\u00bb animation_style=\u00bbslide\u00bb animation_intensity_slide=\u00bb10%\u00bb global_colors_info=\u00bb{}\u00bb]<\/p>\n<p><strong>AVS SEVILLA:<\/strong> Calle Am\u00e9rico Vespucio n\u00ba5 Edificio Cartuja Fase 2 Isla de la Cartuja,41092 Sevilla<\/p>\n<p>Telf.: 954 456 851<\/p>\n<p><strong>Email:<\/strong> <a href=\"mailto:info@avsprevencion.com\">info@avsprevencion.com<\/a><\/p>\n<p>[\/et_pb_blurb][\/et_pb_column][et_pb_column type=\u00bb1_3&#8243; _builder_version=\u00bb4.17.3&#8243; background_color=\u00bb#2B2B2B\u00bb global_colors_info=\u00bb{}\u00bb][et_pb_blurb title=\u00bbC\u00c1DIZ\u00bb use_icon=\u00bbon\u00bb font_icon=\u00bb&#x73;||divi||400&#8243; _builder_version=\u00bb4.17.3&#8243; header_font=\u00bbRubik|700|||||||\u00bb header_text_align=\u00bbcenter\u00bb header_text_color=\u00bb#ffffff\u00bb header_font_size=\u00bb35px\u00bb body_text_color=\u00bbrgba(255,255,255,0.6)\u00bb background_enable_color=\u00bboff\u00bb custom_padding=\u00bb30px|30px|0px|30px|false|false\u00bb animation_style=\u00bbslide\u00bb animation_intensity_slide=\u00bb10%\u00bb global_colors_info=\u00bb{}\u00bb]<\/p>\n<p><strong>AVS C\u00c1DIZ:<\/strong> Palacio San Agust\u00edn \u2013 Centro de Negocios, Coworking &amp; Eventos. Despacho 206. Pl. San Agust\u00edn, 11005 C\u00e1diz<\/p>\n<p>Telf.: 956 902 450<\/p>\n<p><strong>Email:<\/strong>\u00a0<a href=\"mailto:cadiz@avsprevencion.com\">cadiz@avsprevencion.com<\/a><\/p>\n<p>&nbsp;<\/p>\n<p>[\/et_pb_blurb][\/et_pb_column][\/et_pb_row][et_pb_row column_structure=\u00bb1_3,1_3,1_3&#8243; use_custom_gutter=\u00bbon\u00bb make_equal=\u00bbon\u00bb _builder_version=\u00bb4.27.2&#8243; width=\u00bb100%\u00bb global_colors_info=\u00bb{}\u00bb][et_pb_column type=\u00bb1_3&#8243; _builder_version=\u00bb4.17.3&#8243; background_color=\u00bb#2B2B2B\u00bb global_colors_info=\u00bb{}\u00bb][et_pb_blurb title=\u00bbC\u00d3RDOBA\u00bb use_icon=\u00bbon\u00bb font_icon=\u00bb&#x73;||divi||400&#8243; _builder_version=\u00bb4.17.3&#8243; header_font=\u00bbRubik|700|||||||\u00bb header_text_align=\u00bbcenter\u00bb header_text_color=\u00bb#ffffff\u00bb header_font_size=\u00bb35px\u00bb body_text_color=\u00bbrgba(255,255,255,0.6)\u00bb background_color=\u00bb#2b2b2b\u00bb custom_padding=\u00bb30px|30px|0px|30px|false|false\u00bb animation_style=\u00bbslide\u00bb animation_intensity_slide=\u00bb10%\u00bb global_colors_info=\u00bb{}\u00bb]<\/p>\n<p><span><strong>AVS C\u00d3RDOBA<\/strong><\/span><\/p>\n<p><span>Telf: 620 058 021<\/span><\/p>\n<p><strong>Email:<\/strong>\u00a0<a href=\"mailto:info@avsprevencion.com\">info@avsprevencion.com<\/a><\/p>\n<p>&nbsp;<\/p>\n<p>[\/et_pb_blurb][\/et_pb_column][et_pb_column type=\u00bb1_3&#8243; _builder_version=\u00bb4.17.3&#8243; background_color=\u00bb#2B2B2B\u00bb global_colors_info=\u00bb{}\u00bb][et_pb_blurb title=\u00bbJA\u00c9N\u00bb use_icon=\u00bbon\u00bb font_icon=\u00bb&#x73;||divi||400&#8243; _builder_version=\u00bb4.17.3&#8243; header_font=\u00bbRubik|700|||||||\u00bb header_text_align=\u00bbcenter\u00bb header_text_color=\u00bb#ffffff\u00bb header_font_size=\u00bb35px\u00bb body_text_color=\u00bbrgba(255,255,255,0.6)\u00bb background_color=\u00bb#2b2b2b\u00bb custom_padding=\u00bb30px|30px|0px|30px|false|false\u00bb animation_style=\u00bbslide\u00bb animation_intensity_slide=\u00bb10%\u00bb global_colors_info=\u00bb{}\u00bb]<\/p>\n<p><span><strong>AVS JA\u00c9N:<\/strong> C\/ Maestro Bartolom\u00e9, n\u00ba6 Bajo 23007, Ja\u00e9n <\/span><\/p>\n<p><span>Telf: 953 101 744<\/span><\/p>\n<p><strong>Email:<\/strong>\u00a0<a href=\"mailto:jaen@avsprevencion.com\">jaen@avsprevencion.com<\/a><\/p>\n<p>&nbsp;<\/p>\n<p>[\/et_pb_blurb][\/et_pb_column][et_pb_column type=\u00bb1_3&#8243; _builder_version=\u00bb4.27.2&#8243; background_color=\u00bbRGBA(255,255,255,0)\u00bb global_colors_info=\u00bb{}\u00bb][\/et_pb_column][\/et_pb_row][\/et_pb_section][et_pb_section fb_built=\u00bb1&#8243; module_id=\u00bbdelegaciones\u00bb _builder_version=\u00bb3.29.3&#8243; background_image=\u00bbhttps:\/\/www.avsprevencion.com\/es\/wp-content\/uploads\/2019\/09\/fondoavsweb-2.jpg\u00bb min_height=\u00bb470px\u00bb custom_margin=\u00bb0px|0px|0px|0px|false|false\u00bb custom_padding=\u00bb0px|0px|0px|0px|false|false\u00bb global_module=\u00bb217&#8243; saved_tabs=\u00bball\u00bb global_colors_info=\u00bb{}\u00bb][et_pb_row use_custom_gutter=\u00bbon\u00bb make_equal=\u00bbon\u00bb _builder_version=\u00bb4.16&#8243; width=\u00bb100%\u00bb max_width=\u00bb1402px\u00bb module_alignment=\u00bbcenter\u00bb custom_margin=\u00bb0px|0px|0px|0px|false|false\u00bb custom_padding=\u00bb0px|0px|0px|0px|true|true\u00bb animation_style=\u00bbslide\u00bb animation_intensity_slide=\u00bb10%\u00bb global_colors_info=\u00bb{}\u00bb][et_pb_column type=\u00bb4_4&#8243; _builder_version=\u00bb4.16&#8243; global_colors_info=\u00bb{}\u00bb][et_pb_text _builder_version=\u00bb4.16&#8243; custom_padding=\u00bb||0px|||\u00bb global_colors_info=\u00bb{}\u00bb]<iframe loading=\"lazy\" src=\"https:\/\/www.google.com\/maps\/d\/u\/1\/embed?mid=1iDgmXHhvplzcsFgGm3SuKFUUkdPD_XyQ\" width=\"2000\" height=\"480\"><\/iframe>[\/et_pb_text][\/et_pb_column][\/et_pb_row][\/et_pb_section][et_pb_section fb_built=\u00bb1&#8243; use_custom_gutter=\u00bbon\u00bb gutter_width=\u00bb1&#8243; specialty=\u00bbon\u00bb bg_img_1=\u00bbhttps:\/\/www.avsprevencion.com\/es\/wp-content\/uploads\/2019\/09\/fachada_avs.jpg\u00bb padding_top_1=\u00bb80px\u00bb padding_right_1=\u00bb60px\u00bb padding_bottom_1=\u00bb80px\u00bb padding_left_1=\u00bb60px\u00bb padding_top_bottom_link_1=\u00bbtrue\u00bb padding_left_right_link_1=\u00bbtrue\u00bb padding_1_tablet=\u00bb|40px||40px||true\u00bb padding_1_phone=\u00bb\u00bb padding_1_last_edited=\u00bbon|phone\u00bb admin_label=\u00bbFeatures\u00bb module_id=\u00bbareatecnica\u00bb module_class=\u00bb et_pb_specialty_fullwidth\u00bb _builder_version=\u00bb4.16&#8243; background_color=\u00bb#2a2a2a\u00bb inner_width=\u00bb100%\u00bb inner_width_tablet=\u00bb100%\u00bb inner_width_phone=\u00bb\u00bb inner_width_last_edited=\u00bbon|desktop\u00bb inner_max_width=\u00bb100%\u00bb inner_max_width_tablet=\u00bb100%\u00bb inner_max_width_phone=\u00bb\u00bb inner_max_width_last_edited=\u00bbon|desktop\u00bb custom_padding=\u00bb0px||0px||true|\u00bb make_fullwidth=\u00bbon\u00bb global_colors_info=\u00bb{}\u00bb][et_pb_column type=\u00bb1_3&#8243; _builder_version=\u00bb4.16&#8243; custom_padding=\u00bb|||\u00bb global_colors_info=\u00bb{}\u00bb padding_tablet=\u00bb|40px||40px||true\u00bb padding_last_edited=\u00bbon|phone\u00bb custom_padding__hover=\u00bb|||\u00bb padding_phone=\u00bb|40px||40px||true\u00bb][et_pb_text _builder_version=\u00bb4.16&#8243; global_colors_info=\u00bb{}\u00bb]<\/p>\n<p>&nbsp;<\/p>\n<p>&nbsp;<\/p>\n<p>&nbsp;<\/p>\n<p>&nbsp;<\/p>\n<p>&nbsp;<\/p>\n<p>&nbsp;<\/p>\n<p>&nbsp;<\/p>\n<p>&nbsp;<\/p>\n<p>&nbsp;<\/p>\n<p>&nbsp;<\/p>\n<p>&nbsp;<\/p>\n<p>&nbsp;<\/p>\n<p>&nbsp;<\/p>\n<p>&nbsp;<\/p>\n<p>&nbsp;<\/p>\n<p>&nbsp;<\/p>\n<p>[\/et_pb_text][\/et_pb_column][et_pb_column type=\u00bb2_3&#8243; specialty_columns=\u00bb2&#8243; _builder_version=\u00bb4.16&#8243; custom_padding=\u00bb|||\u00bb global_colors_info=\u00bb{}\u00bb custom_padding__hover=\u00bb|||\u00bb][et_pb_row_inner _builder_version=\u00bb4.16&#8243; custom_margin=\u00bb|||\u00bb custom_padding=\u00bb0||0||true|false\u00bb global_colors_info=\u00bb{}\u00bb][et_pb_column_inner saved_specialty_column_type=\u00bb2_3&#8243; _builder_version=\u00bb4.16&#8243; custom_padding=\u00bb|||\u00bb global_colors_info=\u00bb{}\u00bb custom_padding__hover=\u00bb|||\u00bb][et_pb_text _builder_version=\u00bb4.16&#8243; header_font=\u00bbRubik||||||||\u00bb header_text_color=\u00bb#ffffff\u00bb header_font_size=\u00bb45px\u00bb custom_padding=\u00bb80px|||||\u00bb animation_style=\u00bbslide\u00bb global_colors_info=\u00bb{}\u00bb]<\/p>\n<h1 style=\"text-align: center;\"><strong>\u00c1rea T\u00e9cnica<\/strong><\/h1>\n<p>[\/et_pb_text][et_pb_divider divider_position=\u00bbcenter\u00bb divider_weight=\u00bb5px\u00bb _builder_version=\u00bb4.16&#8243; max_width=\u00bb100px\u00bb module_alignment=\u00bbcenter\u00bb animation_style=\u00bbslide\u00bb animation_direction=\u00bbleft\u00bb animation_intensity_slide=\u00bb10%\u00bb locked=\u00bboff\u00bb global_colors_info=\u00bb{}\u00bb][\/et_pb_divider][\/et_pb_column_inner][\/et_pb_row_inner][et_pb_row_inner column_structure=\u00bb1_2,1_2&#8243; use_custom_gutter=\u00bbon\u00bb gutter_width=\u00bb2&#8243; make_equal=\u00bbon\u00bb _builder_version=\u00bb4.16&#8243; custom_padding=\u00bb|41px||41px|false|true\u00bb global_colors_info=\u00bb{}\u00bb][et_pb_column_inner type=\u00bb1_2&#8243; saved_specialty_column_type=\u00bb2_3&#8243; _builder_version=\u00bb4.16&#8243; global_colors_info=\u00bb{}\u00bb][et_pb_text _builder_version=\u00bb4.16&#8243; text_text_color=\u00bb#ffffff\u00bb custom_padding=\u00bb||0px|||\u00bb animation_style=\u00bbslide\u00bb animation_intensity_slide=\u00bb10%\u00bb global_colors_info=\u00bb{}\u00bb]<\/p>\n<p>Nuestra empresa cuenta con profesionales con gran experiencia t\u00e9cnica en la prevenci\u00f3n de riesgos.\u00a0<\/p>\n<p>&nbsp;<\/p>\n<ul>\n<li>Elaboraci\u00f3n y\/o actualizaci\u00f3n del plan de prevenci\u00f3n de riesgos laborales.<\/li>\n<li>Planificaci\u00f3n de la actividad preventiva: Medidas correctoras y control de las mismas.<\/li>\n<li>Informaci\u00f3n a los trabajadores sobre los riesgos para la seguridad y salud en el trabajo<\/li>\n<li>Formaci\u00f3n b\u00e1sica y espec\u00edfica a distancia en materia preventiva a los trabajadores.<\/li>\n<li>Asesoramiento sobre investigaci\u00f3n y registro de accidentes de trabajo y enfermedades profesionales que hayan causado al trabajador una incapacidad superior a un d\u00eda.<\/li>\n<\/ul>\n<p>[\/et_pb_text][\/et_pb_column_inner][et_pb_column_inner type=\u00bb1_2&#8243; saved_specialty_column_type=\u00bb2_3&#8243; _builder_version=\u00bb4.16&#8243; global_colors_info=\u00bb{}\u00bb][et_pb_text _builder_version=\u00bb4.16&#8243; text_text_color=\u00bb#ffffff\u00bb animation_style=\u00bbslide\u00bb animation_direction=\u00bbright\u00bb animation_intensity_slide=\u00bb10%\u00bb global_colors_info=\u00bb{}\u00bb]<\/p>\n<ul>\n<li>Control de las medidas adoptadas.<\/li>\n<li>Dise\u00f1o del sistema necesario para realizar, de modo adecuado, el registro y mantenimiento de la documentaci\u00f3n que puede ser solicitada por cualquier administraci\u00f3n, en materia de Seguridad y Salud, seg\u00fan las obligaciones establecidas en la LPRL.<\/li>\n<li>Asesoramiento frente a inspecciones de la Administraci\u00f3n competente<\/li>\n<li>Asesoramiento para la integraci\u00f3n de la prevenci\u00f3n de riesgos en el conjunto de las actividades y decisiones de la empresa.<\/li>\n<li>Asesoramiento sobre an\u00e1lisis y actualizaci\u00f3n de las posibles situaciones de emergencia y las medidas necesarias a adoptar en materia de primeros auxilios, lucha contra incendios y evacuaci\u00f3n de los trabajadores.<\/li>\n<li>Medidas de emergencia.<\/li>\n<\/ul>\n<p>[\/et_pb_text][\/et_pb_column_inner][\/et_pb_row_inner][\/et_pb_column][\/et_pb_section][et_pb_section fb_built=\u00bb1&#8243; make_equal=\u00bbon\u00bb use_custom_gutter=\u00bbon\u00bb gutter_width=\u00bb1&#8243; specialty=\u00bbon\u00bb background_color_2=\u00bb#ffb400&#8243; padding_top_1=\u00bb80px\u00bb padding_right_1=\u00bb60px\u00bb padding_bottom_1=\u00bb80px\u00bb padding_left_1=\u00bb60px\u00bb padding_top_bottom_link_1=\u00bbtrue\u00bb padding_left_right_link_1=\u00bbtrue\u00bb padding_1_tablet=\u00bb|40px||40px||true\u00bb padding_1_phone=\u00bb\u00bb padding_1_last_edited=\u00bbon|phone\u00bb admin_label=\u00bbFeatures\u00bb module_id=\u00bbcertificados\u00bb module_class=\u00bb et_pb_specialty_fullwidth\u00bb _builder_version=\u00bb4.16&#8243; background_color=\u00bb#ffb400&#8243; background_image=\u00bbhttps:\/\/www.avsprevencion.com\/es\/wp-content\/uploads\/2019\/09\/fondowebavs3.jpg\u00bb inner_width=\u00bb100%\u00bb inner_width_tablet=\u00bb100%\u00bb inner_width_phone=\u00bb\u00bb inner_width_last_edited=\u00bbon|desktop\u00bb inner_max_width=\u00bb100%\u00bb inner_max_width_tablet=\u00bb100%\u00bb inner_max_width_phone=\u00bb\u00bb inner_max_width_last_edited=\u00bbon|desktop\u00bb custom_padding=\u00bb0px||0px||true|\u00bb make_fullwidth=\u00bbon\u00bb global_colors_info=\u00bb{}\u00bb][et_pb_column type=\u00bb1_3&#8243; _builder_version=\u00bb4.16&#8243; custom_padding=\u00bb|||\u00bb global_colors_info=\u00bb{}\u00bb padding_tablet=\u00bb|40px||40px||true\u00bb padding_last_edited=\u00bbon|phone\u00bb custom_padding__hover=\u00bb|||\u00bb padding_phone=\u00bb|40px||40px||true\u00bb][et_pb_text _builder_version=\u00bb4.16&#8243; text_font=\u00bb||||||||\u00bb link_font=\u00bb||||||||\u00bb ul_font=\u00bb||||||||\u00bb ol_font=\u00bb||||||||\u00bb quote_font=\u00bb||||||||\u00bb header_font=\u00bb||||||||\u00bb header_text_color=\u00bb#2b2b2b\u00bb header_2_font=\u00bbRubik|700|||||||\u00bb header_2_text_color=\u00bb#2b2b2b\u00bb header_2_font_size=\u00bb34px\u00bb header_2_line_height=\u00bb1.2em\u00bb background_layout=\u00bbdark\u00bb module_alignment=\u00bbcenter\u00bb custom_margin=\u00bb|||\u00bb custom_padding=\u00bb42px||11px|||\u00bb animation_style=\u00bbslide\u00bb animation_direction=\u00bbleft\u00bb animation_intensity_slide=\u00bb10%\u00bb header_2_text_align_tablet=\u00bbcenter\u00bb header_2_text_align_phone=\u00bb\u00bb header_2_text_align_last_edited=\u00bbon|phone\u00bb header_2_font_size_tablet=\u00bb\u00bb header_2_font_size_phone=\u00bb32px\u00bb header_2_font_size_last_edited=\u00bbon|tablet\u00bb locked=\u00bboff\u00bb global_colors_info=\u00bb{}\u00bb]<\/p>\n<h2>Homologaciones<\/h2>\n<p>[\/et_pb_text][et_pb_divider divider_weight=\u00bb4px\u00bb _builder_version=\u00bb4.16&#8243; max_width=\u00bb100px\u00bb animation_style=\u00bbslide\u00bb animation_direction=\u00bbleft\u00bb animation_intensity_slide=\u00bb10%\u00bb module_alignment_tablet=\u00bbcenter\u00bb module_alignment_phone=\u00bbcenter\u00bb module_alignment_last_edited=\u00bbon|phone\u00bb locked=\u00bboff\u00bb global_colors_info=\u00bb{}\u00bb][\/et_pb_divider][et_pb_text _builder_version=\u00bb4.16&#8243; text_font=\u00bb||||||||\u00bb text_text_color=\u00bb#2b2b2b\u00bb text_font_size=\u00bb15px\u00bb text_line_height=\u00bb1.5em\u00bb background_layout=\u00bbdark\u00bb custom_margin=\u00bb8px||8px||true|\u00bb custom_padding=\u00bb16px||50px|||\u00bb animation_style=\u00bbslide\u00bb animation_direction=\u00bbleft\u00bb animation_intensity_slide=\u00bb10%\u00bb locked=\u00bboff\u00bb global_colors_info=\u00bb{}\u00bb]<\/p>\n<p><span style=\"color: #ff9900;\"><strong>AVS<\/strong><\/span> est\u00e1 acreditada como Servicio de Prevenci\u00f3n Ajeno para las cuatro especialidades preventivas (Seguridad en el Trabajo, Higiene Industrial, Ergonom\u00eda y Psicosociolog\u00eda Aplicada y Medicina del Trabajo) en ambito nacional <strong>(SP 277\/09-SC).<\/strong><\/p>\n<p>Hemos ha incorporado y certificado los sistemas de gesti\u00f3n en Calidad, Prevenci\u00f3n y Medioambiente, garantizando as\u00ed que nuestros servicios y productos cumplen con los est\u00e1ndares mundiales y las regulaciones locales.<\/p>\n<p>Adem\u00e1s, AVS est\u00e1 homologada por la <strong>Fundaci\u00f3n Laboral de la Construcci\u00f3n<\/strong> como entidad formadora para impartir los cursos recogidos en el V Convenio General del sector de la Construcci\u00f3n.<br \/> Los trabajadores formados por AVS tendr\u00e1n su formaci\u00f3n inscrita en la TPC (Tarjeta Profesional de la Construcci\u00f3n).<\/p>\n<p>&nbsp;<\/p>\n<p><img loading=\"lazy\" decoding=\"async\" src=\"https:\/\/www.avsprevencion.com\/es\/wp-content\/uploads\/2019\/10\/flclogo-e1569919836409-300x111.jpg\" width=\"300\" height=\"111\" alt=\"\" class=\"wp-image-442 aligncenter size-medium\" \/><\/p>\n<p style=\"text-align: center;\"><img loading=\"lazy\" decoding=\"async\" src=\"https:\/\/www.avsprevencion.com\/es\/wp-content\/uploads\/2020\/02\/fundacionmetal-300x177.png\" width=\"300\" height=\"177\" alt=\"\" class=\"wp-image-749 alignnone size-medium\" srcset=\"https:\/\/www.avsprevencion.com\/es\/wp-content\/uploads\/2020\/02\/fundacionmetal-300x177.png 300w, https:\/\/www.avsprevencion.com\/es\/wp-content\/uploads\/2020\/02\/fundacionmetal.png 378w\" sizes=\"(max-width: 300px) 100vw, 300px\" \/><\/p>\n<p>[\/et_pb_text][\/et_pb_column][et_pb_column type=\u00bb2_3&#8243; specialty_columns=\u00bb2&#8243; _builder_version=\u00bb4.16&#8243; custom_padding=\u00bb|||\u00bb global_colors_info=\u00bb{}\u00bb custom_padding__hover=\u00bb|||\u00bb][et_pb_row_inner _builder_version=\u00bb4.16&#8243; custom_margin=\u00bb|||\u00bb custom_padding=\u00bb60px||0px||false|false\u00bb global_colors_info=\u00bb{}\u00bb][et_pb_column_inner saved_specialty_column_type=\u00bb2_3&#8243; _builder_version=\u00bb4.16&#8243; custom_padding=\u00bb|||\u00bb custom_padding_tablet=\u00bb\u00bb custom_padding_phone=\u00bb|50px||40px|false|false\u00bb custom_padding_last_edited=\u00bbon|phone\u00bb global_colors_info=\u00bb{}\u00bb custom_padding__hover=\u00bb|||\u00bb][et_pb_blurb title=\u00bbISO 9001&#8243; use_icon=\u00bbon\u00bb font_icon=\u00bb&#xe052;||divi||400&#8243; icon_color=\u00bb#ffffff\u00bb icon_placement=\u00bbleft\u00bb content_max_width=\u00bb1100px\u00bb _builder_version=\u00bb4.16&#8243; header_font=\u00bb|700|||||||\u00bb header_text_color=\u00bb#2b2b2b\u00bb body_text_color=\u00bb#ffffff\u00bb custom_padding=\u00bb70px||30px|0px|false|false\u00bb animation_style=\u00bbslide\u00bb animation_direction=\u00bbright\u00bb animation_intensity_slide=\u00bb10%\u00bb global_colors_info=\u00bb{}\u00bb]<\/p>\n<p>La puesta en pr\u00e1ctica de la ISO 9001 permite la mejora continua de los sistemas de gesti\u00f3n de calidad y los procesos de AVS. A su vez, esto mejora la capacidad de nuestras operaciones para satisfacer las necesidades y expectativas del cliente.<\/p>\n<p>[\/et_pb_blurb][et_pb_button button_url=\u00bbhttps:\/\/www.avsprevencion.com\/es\/wp-content\/uploads\/2023\/07\/CERTF.-9001-ED.5.pdf\u00bb button_text=\u00bbDescargar ISO 9001&#8243; button_alignment=\u00bbcenter\u00bb _builder_version=\u00bb4.21.0&#8243; _module_preset=\u00bbdefault\u00bb custom_button=\u00bbon\u00bb button_bg_color=\u00bb#2b2b2b\u00bb custom_margin=\u00bb||20px||false|false\u00bb animation_style=\u00bbslide\u00bb global_colors_info=\u00bb{}\u00bb button_bg_color__hover_enabled=\u00bbon|hover\u00bb button_bg_color__hover=\u00bb#ffffff\u00bb button_bg_enable_color__hover=\u00bbon\u00bb][\/et_pb_button][et_pb_blurb title=\u00bbISO 14001&#8243; use_icon=\u00bbon\u00bb font_icon=\u00bb&#xe052;||divi||400&#8243; icon_color=\u00bb#ffffff\u00bb icon_placement=\u00bbleft\u00bb content_max_width=\u00bb1100px\u00bb _builder_version=\u00bb4.16&#8243; header_font=\u00bb|700|||||||\u00bb header_text_color=\u00bb#2b2b2b\u00bb body_text_color=\u00bb#ffffff\u00bb custom_padding=\u00bb||30px|||\u00bb animation_style=\u00bbslide\u00bb animation_direction=\u00bbright\u00bb animation_intensity_slide=\u00bb10%\u00bb global_colors_info=\u00bb{}\u00bb]<\/p>\n<p>AVS adquiere un firme compromiso con la protecci\u00f3n del medioambiente, lo que incluye la prevenci\u00f3n de la contaminaci\u00f3n y otros compromisos, como el uso sostenible de los recursos y la mitigaci\u00f3n del cambio clim\u00e1tico, as\u00ed como la adaptaci\u00f3n y la protecci\u00f3n de la biodiversidad y los ecosistemas.<\/p>\n<p>[\/et_pb_blurb][et_pb_button button_url=\u00bbhttps:\/\/www.avsprevencion.com\/es\/wp-content\/uploads\/2023\/07\/CERTF.-14001-ED.5.pdf\u00bb button_text=\u00bbDescargar ISO 14001&#8243; button_alignment=\u00bbcenter\u00bb _builder_version=\u00bb4.21.0&#8243; _module_preset=\u00bbdefault\u00bb custom_button=\u00bbon\u00bb button_bg_color=\u00bb#2b2b2b\u00bb custom_margin=\u00bb||20px||false|false\u00bb animation_style=\u00bbslide\u00bb global_colors_info=\u00bb{}\u00bb button_bg_color__hover_enabled=\u00bbon|hover\u00bb button_bg_color__hover=\u00bb#ffffff\u00bb button_bg_enable_color__hover=\u00bbon\u00bb][\/et_pb_button][et_pb_blurb title=\u00bbISO 45001&#8243; use_icon=\u00bbon\u00bb font_icon=\u00bb&#xe052;||divi||400&#8243; icon_color=\u00bb#ffffff\u00bb icon_placement=\u00bbleft\u00bb content_max_width=\u00bb1100px\u00bb _builder_version=\u00bb4.16&#8243; header_font=\u00bb|700|||||||\u00bb header_text_color=\u00bb#2b2b2b\u00bb body_text_color=\u00bb#ffffff\u00bb custom_padding=\u00bb||25px|||\u00bb animation_style=\u00bbslide\u00bb animation_direction=\u00bbright\u00bb animation_intensity_slide=\u00bb10%\u00bb global_colors_info=\u00bb{}\u00bb]<\/p>\n<p>AVS acreditar su certificaci\u00f3n de seguridad y salud laboral para fomenta un entorno de trabajo seguro y saludable. Mejorar la seguridad de los emplea- dos y la calidad de su entorno de trabajo, a la vez que demuestra la conformidad con los requisitos legales vigentes<\/p>\n<p>[\/et_pb_blurb][et_pb_button button_url=\u00bbhttps:\/\/www.avsprevencion.com\/es\/wp-content\/uploads\/2023\/07\/CERTF.-ED-3.pdf\u00bb button_text=\u00bbDescargar  ISO 45001&#8243; button_alignment=\u00bbcenter\u00bb _builder_version=\u00bb4.21.0&#8243; _module_preset=\u00bbdefault\u00bb custom_button=\u00bbon\u00bb button_bg_color=\u00bb#2b2b2b\u00bb custom_margin=\u00bb||20px||false|false\u00bb animation_style=\u00bbslide\u00bb global_colors_info=\u00bb{}\u00bb button_bg_color__hover_enabled=\u00bbon|hover\u00bb button_bg_color__hover=\u00bb#ffffff\u00bb button_bg_enable_color__hover=\u00bbon\u00bb][\/et_pb_button][et_pb_blurb title=\u00bbFundaci\u00f3n Laboral de la Construcci\u00f3n\u00bb use_icon=\u00bbon\u00bb font_icon=\u00bb&#xe052;||divi||400&#8243; icon_color=\u00bb#ffffff\u00bb icon_placement=\u00bbleft\u00bb content_max_width=\u00bb1100px\u00bb _builder_version=\u00bb4.16&#8243; header_font=\u00bb|700|||||||\u00bb header_text_color=\u00bb#2b2b2b\u00bb body_text_color=\u00bb#ffffff\u00bb custom_padding=\u00bb||42px|||\u00bb animation_style=\u00bbslide\u00bb animation_direction=\u00bbright\u00bb animation_intensity_slide=\u00bb10%\u00bb global_colors_info=\u00bb{}\u00bb]<\/p>\n<p><span>Estamos homologados por la Fundaci\u00f3n Laboral de la Construcci\u00f3n como entidad formadora para impartir los cursos recogidos en el V Convenio General del sector de la Construcci\u00f3n.\u00a0<\/span><span>Los trabajadores formados por AVS tendr\u00e1n su formaci\u00f3n inscrita en la TPC (Tarjeta Profesional de la Construcci\u00f3n).<\/span><\/p>\n<p>[\/et_pb_blurb][et_pb_blurb title=\u00bbFundaci\u00f3n del Metal \u00bb use_icon=\u00bbon\u00bb font_icon=\u00bb&#xe052;||divi||400&#8243; icon_color=\u00bb#ffffff\u00bb icon_placement=\u00bbleft\u00bb content_max_width=\u00bb1100px\u00bb _builder_version=\u00bb4.27.4&#8243; header_font=\u00bb|700|||||||\u00bb header_text_color=\u00bb#2b2b2b\u00bb body_text_color=\u00bb#ffffff\u00bb custom_margin=\u00bb||18px|||\u00bb animation_style=\u00bbslide\u00bb animation_direction=\u00bbright\u00bb animation_intensity_slide=\u00bb10%\u00bb global_colors_info=\u00bb{}\u00bb]<\/p>\n<p>AVS tambi\u00e9n est\u00e1 homologada por la Fundaci\u00f3n del Metal para la formaci\u00f3n, cualificaci\u00f3n y el empleo. El nuevo convenio del metal incorpora como novedad importante la obligatoriedad de que todos los trabajadores del sector realicen una formaci\u00f3n m\u00ednima en prevenci\u00f3n de riesgos laborales adaptada a su puesto de trabajo.<\/p>\n<p>[\/et_pb_blurb][et_pb_button button_url=\u00bbhttps:\/\/www.avsprevencion.com\/es\/wp-content\/uploads\/2025\/02\/c_certificados_2025_ANDALUZA-DE-VIGILANCIA-DE-LA-SALUD-S.L.AVS_.pdf\u00bb button_text=\u00bbDescargar  Cerf. FMF\u00bb button_alignment=\u00bbcenter\u00bb _builder_version=\u00bb4.27.4&#8243; _module_preset=\u00bbdefault\u00bb custom_button=\u00bbon\u00bb button_bg_color=\u00bb#2b2b2b\u00bb custom_margin=\u00bb||20px||false|false\u00bb animation_style=\u00bbslide\u00bb global_colors_info=\u00bb{}\u00bb button_bg_color__hover_enabled=\u00bbon|hover\u00bb button_bg_color__hover=\u00bb#ffffff\u00bb button_bg_enable_color__hover=\u00bbon\u00bb][\/et_pb_button][\/et_pb_column_inner][\/et_pb_row_inner][\/et_pb_column][\/et_pb_section][et_pb_section fb_built=\u00bb1&#8243; module_id=\u00bbpoliticas\u00bb _builder_version=\u00bb4.16&#8243; background_color=\u00bb#ffb400&#8243; custom_margin=\u00bb0px||0px||false|false\u00bb custom_padding=\u00bb0px||0px||false|false\u00bb global_colors_info=\u00bb{}\u00bb][et_pb_row column_structure=\u00bb1_2,1_2&#8243; use_custom_gutter=\u00bbon\u00bb gutter_width=\u00bb1&#8243; make_equal=\u00bbon\u00bb _builder_version=\u00bb4.27.3&#8243; width=\u00bb100%\u00bb max_width=\u00bb2560px\u00bb custom_margin=\u00bb0px||||false|false\u00bb custom_padding=\u00bb0px||0px||false|false\u00bb global_colors_info=\u00bb{}\u00bb][et_pb_column type=\u00bb1_2&#8243; module_id=\u00bbdatos\u00bb _builder_version=\u00bb4.16&#8243; background_color=\u00bb#ffffff\u00bb global_colors_info=\u00bb{}\u00bb][et_pb_text module_id=\u00bbdatosprotec\u00bb _builder_version=\u00bb4.16&#8243; text_text_color=\u00bb#ffffff\u00bb header_font=\u00bbRubik|700|||||||\u00bb header_text_color=\u00bb#e09900&#8243; header_font_size=\u00bb37px\u00bb background_color=\u00bb#2b2b2b\u00bb custom_padding=\u00bb130px|50px|25px|50px|false|true\u00bb custom_padding_tablet=\u00bb\u00bb custom_padding_phone=\u00bb|20px||20px|false|true\u00bb custom_padding_last_edited=\u00bbon|phone\u00bb global_colors_info=\u00bb{}\u00bb]<\/p>\n<h1>Protecci\u00f3n de datos<\/h1>\n<p>[\/et_pb_text][et_pb_text _builder_version=\u00bb4.16&#8243; text_text_color=\u00bb#2b2b2b\u00bb background_color=\u00bb#ffffff\u00bb background_image=\u00bbhttps:\/\/www.avsprevencion.com\/es\/wp-content\/uploads\/2019\/10\/LOGO-AVS2-copia.png\u00bb background_size=\u00bbcontain\u00bb custom_padding=\u00bb25px|50px|70px|50px|false|true\u00bb custom_padding_tablet=\u00bb\u00bb custom_padding_phone=\u00bb|20px||20px|false|true\u00bb custom_padding_last_edited=\u00bbon|phone\u00bb global_colors_info=\u00bb{}\u00bb]<\/p>\n<p>En AVS somos conscientes de la importancia de la privacidad de los datos de car\u00e1cter personal y por ello, hemos implementado una pol\u00edtica de tratamiento de datos orientada a proveer la m\u00e1xima seguridad en el uso y recogida de los mismos, garantizando el cumplimiento de la normativa vigente en la materia y configurando dicha pol\u00edtica como uno de los pilares b\u00e1sicos en las l\u00edneas de actuaci\u00f3n de la entidad.<\/p>\n<p>Para realizar nuestros servicios precisamos de datos, tanto de facturaci\u00f3n como de los trabajadores de nuestras empresas clientes (Para dar cumplimiento a la Ley de Prevenci\u00f3n de Riesgos Laborales) por tanto es posible que se soliciten datos de car\u00e1cter personal a trav\u00e9s de diferentes formularios dispuestos al efecto. Dichos datos formar\u00e1n parte de los pertinentes ficheros en funci\u00f3n de la finalidad determinada y concreta que motiva el recabo de los mismos. En este caso la finalidad es dar cumplimiento a nuestro contrato de prevenci\u00f3n ( formaci\u00f3n a los trabajadores, comunicaci\u00f3n con nuestros clientes, concertar citas y realizar documentaci\u00f3n t\u00e9cnica incluyendo los reconocimientos m\u00e9dicos a los trabajadores). Los datos son recabados con un fin leg\u00edtimo y son guardados a requerimiento de la autoridad laboral durante 5 a\u00f1os. Posteriormente procedemos a su bloqueo.<\/p>\n<p>De esta forma, la informaci\u00f3n particular de cada tratamiento de datos se aportar\u00e1 junto a los formularios, siendo com\u00fan a todos ellos el responsable del fichero: AVS.<\/p>\n<p>Para el ejercicio de sus derechos y libertades se centraliza la documentaci\u00f3n en AVS, CIF: B-21441761, con domicilio social en en C\/ Rasc\u00f3n, 47 , Huelva, como el lugar espec\u00edfico y forma de ejercicio de los derechos de acceso, rectificaci\u00f3n, cancelaci\u00f3n , supresi\u00f3n y portabilidad de los datos que deber\u00e1 formalizarse mediante una comunicaci\u00f3n escrita a la direcci\u00f3n indicada anteriormente incluyendo copia del DNI o documento identificativo equivalente.<\/p>\n<p>En el supuesto de que aporte sus datos a trav\u00e9s de un mensaje de correo electr\u00f3nico, el mismo formar\u00e1 parte de un fichero cuya finalidad ser\u00e1 la gesti\u00f3n de la solicitud o comentario que nos realiza, siendo aplicables el resto de extremos indicados en el p\u00e1rrafo anterior.<\/p>\n<p>Por otro lado, en AVS hemos implantado las medidas t\u00e9cnicas y organizativas necesarias para evitar la p\u00e9rdida, mal uso, alteraci\u00f3n, acceso no autorizado y robo de los Datos Personales que los interesados pudieran facilitar como consecuencia del acceso a las diferentes secciones, aplicando las medidas de seguridad contempladas en el Reglamento General de Protecci\u00f3n de datos.<\/p>\n<p>[\/et_pb_text][\/et_pb_column][et_pb_column type=\u00bb1_2&#8243; _builder_version=\u00bb4.16&#8243; global_colors_info=\u00bb{}\u00bb][et_pb_text _builder_version=\u00bb4.16&#8243; text_text_color=\u00bb#ffffff\u00bb header_font=\u00bbRubik|700|||||||\u00bb header_font_size=\u00bb36px\u00bb custom_padding=\u00bb130px|50px|25px|50px|false|true\u00bb custom_padding_tablet=\u00bb\u00bb custom_padding_phone=\u00bb|20px||20px|false|true\u00bb custom_padding_last_edited=\u00bbon|phone\u00bb global_colors_info=\u00bb{}\u00bb]<\/p>\n<h1>Pol\u00edtica de Medio Ambiente<\/h1>\n<p>[\/et_pb_text][et_pb_text _builder_version=\u00bb4.16&#8243; _module_preset=\u00bbdefault\u00bb text_text_color=\u00bb#FFFFFF\u00bb custom_padding=\u00bb|50px|150px|50px|false|false\u00bb custom_padding_tablet=\u00bb|50px|150px|50px|false|false\u00bb custom_padding_phone=\u00bb|20px||20px|false|false\u00bb custom_padding_last_edited=\u00bbon|phone\u00bb global_colors_info=\u00bb{}\u00bb]<\/p>\n<p>La Direcci\u00f3n de AVS, empresa dedicada a la prestaci\u00f3n de los servicios de prevenci\u00f3n ajeno con vigilancia de la salud incluido, manifiesta su compromiso con la calidad y medio ambiente a trav\u00e9s de la presente Pol\u00edtica de calidad, medio ambiente y seguridad y salud en el trabajo, y se compromete a difundirla a todos los niveles de la empresa, y a proporcionar los recursos necesarios para su cumplimiento, as\u00ed como la protecci\u00f3n del entorno y la prevenci\u00f3n de la contaminaci\u00f3n en todas las actividades y servicios que desarrollados.<\/p>\n<p>Los principios b\u00e1sicos de la Pol\u00edtica de calidad, medio ambiente y seguridad y salud en el trabajo de AVS son los siguientes:<\/p>\n<ul>\n<li>Mejorar de forma continua la eficacia de su Sistema de Gesti\u00f3n.<\/li>\n<li>Ser m\u00e1s eficiente y lucrativa.<\/li>\n<li>Producir servicios que cumplan coherentemente los requisitos del cliente.<\/li>\n<li>Lograr la satisfacci\u00f3n del cliente y las partes interesadas.<\/li>\n<li>Implicar, motivar, comprometer y considerar las opiniones del personal con objeto de buscar su participaci\u00f3n en el Sistema de Gesti\u00f3n y la prevenci\u00f3n de la contaminaci\u00f3n.<\/li>\n<li>Reducir costes<\/li>\n<li>Incrementar la confianza en el sistema.<\/li>\n<li>Cumplir con los requisitos legales aplicables a la prestaci\u00f3n del servicio, a la gesti\u00f3n ambiental y a la gesti\u00f3n de la seguridad y salud en el trabajo, as\u00ed como aquellos del resto de partes interesadas.<\/li>\n<li>Prevenir en cuanto le sea posible cualquier tipo de contaminaci\u00f3n, potenciar la protecci\u00f3n del medio ambiente, el uso responsable de los recursos y mejorar continuamente.<\/li>\n<li>Desarrollar procedimientos de trabajo para prevenir, reducir y eliminar, siempre que sea posible, el impacto ambiental de sus actividades.<\/li>\n<li>Proporcionar condiciones de trabajo seguras y saludables para la prevenci\u00f3n de lesiones y deterioro de la salud, adecuado al prop\u00f3sito, tama\u00f1o, contexto, naturaleza de los riesgos de la seguridad y salud en el trabajo y oportunidades.<\/li>\n<li>Compromiso para la consulta y participaci\u00f3n de nuestros empleados en materia de seguridad y salud en el trabajo, favoreciendo la comunicaci\u00f3n ascendente mediante las v\u00edas que los trabajadores estimen m\u00e1s eficaces.<\/li>\n<\/ul>\n<p>La consecuci\u00f3n de estos principios no ser\u00eda posible sin la firme y decidida implicaci\u00f3n de todos y cada uno de los miembros de la organizaci\u00f3n, quienes cada una de las actividades teniendo como objetivo la plena satisfacci\u00f3n de los clientes y la mejora continua.<\/p>\n<p><span style=\"color: #000000;\"><strong>En Huelva,\u00a0<\/strong><\/span><br \/><span style=\"color: #000000;\"><strong>Modesto Garc\u00eda-Ferriol, Apoderado.<\/strong><\/span><\/p>\n<p>[\/et_pb_text][\/et_pb_column][\/et_pb_row][\/et_pb_section][et_pb_section fb_built=\u00bb1&#8243; use_custom_gutter=\u00bbon\u00bb gutter_width=\u00bb1&#8243; specialty=\u00bbon\u00bb background_color_1=\u00bb#ffb400&#8243; padding_top_1=\u00bb80px\u00bb padding_right_1=\u00bb6vw\u00bb padding_bottom_1=\u00bb80px\u00bb padding_left_1=\u00bb6vw\u00bb padding_top_bottom_link_1=\u00bbtrue\u00bb padding_left_right_link_1=\u00bbtrue\u00bb padding_1_tablet=\u00bb|10%||10%||true\u00bb padding_1_phone=\u00bb\u00bb padding_1_last_edited=\u00bbon|phone\u00bb admin_label=\u00bbFooter Section\u00bb module_id=\u00bbinfo\u00bb module_class=\u00bb et_pb_specialty_fullwidth\u00bb _builder_version=\u00bb4.16&#8243; inner_width=\u00bb100%\u00bb inner_width_tablet=\u00bb100%\u00bb inner_width_phone=\u00bb\u00bb inner_width_last_edited=\u00bbon|desktop\u00bb inner_max_width=\u00bb100%\u00bb inner_max_width_tablet=\u00bb100%\u00bb inner_max_width_phone=\u00bb\u00bb inner_max_width_last_edited=\u00bbon|desktop\u00bb custom_padding=\u00bb0px||0px||true|\u00bb make_fullwidth=\u00bbon\u00bb global_module=\u00bb1803&#8243; global_colors_info=\u00bb{}\u00bb][et_pb_column type=\u00bb1_2&#8243; _builder_version=\u00bb4.16&#8243; background_color=\u00bb#ffb400&#8243; custom_padding=\u00bb|||\u00bb global_colors_info=\u00bb{}\u00bb padding_tablet=\u00bb|10%||10%||true\u00bb padding_last_edited=\u00bbon|phone\u00bb custom_padding__hover=\u00bb|||\u00bb padding_phone=\u00bb|10%||10%||true\u00bb][et_pb_text _builder_version=\u00bb4.16&#8243; text_font=\u00bb||||||||\u00bb header_font=\u00bb||||||||\u00bb header_2_font=\u00bbRubik|700|||||||\u00bb header_2_font_size=\u00bb42px\u00bb header_2_line_height=\u00bb1.2em\u00bb custom_margin=\u00bb|||\u00bb custom_padding=\u00bb|||\u00bb animation_style=\u00bbslide\u00bb animation_direction=\u00bbleft\u00bb animation_intensity_slide=\u00bb10%\u00bb header_2_font_size_tablet=\u00bb\u00bb header_2_font_size_phone=\u00bb36px\u00bb header_2_font_size_last_edited=\u00bbon|phone\u00bb locked=\u00bboff\u00bb global_colors_info=\u00bb{}\u00bb]<\/p>\n<h2>M\u00e1s Informaci\u00f3n<\/h2>\n<p>[\/et_pb_text][et_pb_divider color=\u00bb#2a2a2a\u00bb divider_position=\u00bbcenter\u00bb divider_weight=\u00bb5px\u00bb _builder_version=\u00bb4.16&#8243; max_width=\u00bb50px\u00bb animation_style=\u00bbslide\u00bb animation_direction=\u00bbleft\u00bb locked=\u00bboff\u00bb global_colors_info=\u00bb{}\u00bb][\/et_pb_divider][et_pb_code _builder_version=\u00bb4.27.2&#8243; _module_preset=\u00bbdefault\u00bb global_colors_info=\u00bb{}\u00bb]<style id=\"wpforms-css-vars-1743\">\n\t\t\t\t#wpforms-1743 {\n\t\t\t\t\n\t\t\t}\n\t\t\t<\/style><div class=\"wpforms-container wpforms-container-full wpforms-render-modern\" id=\"wpforms-1743\"><form id=\"wpforms-form-1743\" class=\"wpforms-validate wpforms-form wpforms-ajax-form\" data-formid=\"1743\" method=\"post\" enctype=\"multipart\/form-data\" action=\"\/es\/wp-json\/wp\/v2\/pages\/202\" data-token=\"55c098ceac6e722d2f48813fa57ce5f6\" data-token-time=\"1777640463\"><noscript class=\"wpforms-error-noscript\">Por favor, activa JavaScript en tu navegador para completar este formulario.<\/noscript><div id=\"wpforms-error-noscript\" style=\"display: none;\">Por favor, activa JavaScript en tu navegador para completar este formulario.<\/div><div class=\"wpforms-field-container\">\t\t<div id=\"wpforms-1743-field_4-container\"\n\t\t\tclass=\"wpforms-field wpforms-field-text\"\n\t\t\tdata-field-type=\"text\"\n\t\t\tdata-field-id=\"4\"\n\t\t\t>\n\t\t\t<label class=\"wpforms-field-label\" for=\"wpforms-1743-field_4\" >o Tel\u00e9fono y<\/label>\n\t\t\t<input type=\"text\" id=\"wpforms-1743-field_4\" class=\"wpforms-field-medium\" name=\"wpforms[fields][4]\" >\n\t\t<\/div>\n\t\t<div id=\"wpforms-1743-field_1-container\" class=\"wpforms-field wpforms-field-name\" data-field-id=\"1\"><fieldset><legend class=\"wpforms-field-label wpforms-label-hide\" aria-hidden=\"false\">Nombre y Provincia <span class=\"wpforms-required-label\" aria-hidden=\"true\">*<\/span><\/legend><div class=\"wpforms-field-row wpforms-field-large\"><div class=\"wpforms-field-row-block wpforms-first wpforms-one-half\"><input type=\"text\" id=\"wpforms-1743-field_1\" class=\"wpforms-field-name-first wpforms-field-required\" name=\"wpforms[fields][1][first]\" placeholder=\"Nombre\" aria-errormessage=\"wpforms-1743-field_1-error\" required><label for=\"wpforms-1743-field_1\" class=\"wpforms-field-sublabel after wpforms-sublabel-hide\">Nombre<\/label><\/div><div class=\"wpforms-field-row-block wpforms-one-half\"><input type=\"text\" id=\"wpforms-1743-field_1-last\" class=\"wpforms-field-name-last wpforms-field-required\" name=\"wpforms[fields][1][last]\" placeholder=\"Provincia\" aria-errormessage=\"wpforms-1743-field_1-last-error\" required><label for=\"wpforms-1743-field_1-last\" class=\"wpforms-field-sublabel after wpforms-sublabel-hide\">Apellidos<\/label><\/div><\/div><\/fieldset><\/div><div id=\"wpforms-1743-field_2-container\" class=\"wpforms-field wpforms-field-email\" data-field-id=\"2\"><label class=\"wpforms-field-label wpforms-label-hide\" for=\"wpforms-1743-field_2\" aria-hidden=\"false\">Correo electr\u00f3nico <span class=\"wpforms-required-label\" aria-hidden=\"true\">*<\/span><\/label><input type=\"email\" id=\"wpforms-1743-field_2\" class=\"wpforms-field-large wpforms-field-required\" name=\"wpforms[fields][2]\" placeholder=\"Correo Electr\u00f3nico\" spellcheck=\"false\" aria-errormessage=\"wpforms-1743-field_2-error\" required><\/div><div id=\"wpforms-1743-field_6-container\" class=\"wpforms-field wpforms-field-text\" data-field-id=\"6\"><label class=\"wpforms-field-label wpforms-label-hide\" for=\"wpforms-1743-field_6\" aria-hidden=\"false\">Tel\u00e9fono <span class=\"wpforms-required-label\" aria-hidden=\"true\">*<\/span><\/label><input type=\"text\" id=\"wpforms-1743-field_6\" class=\"wpforms-field-large wpforms-field-required\" name=\"wpforms[fields][6]\" placeholder=\"Tel\u00e9fono\" aria-errormessage=\"wpforms-1743-field_6-error\" required><\/div><div id=\"wpforms-1743-field_3-container\" class=\"wpforms-field wpforms-field-textarea\" data-field-id=\"3\"><label class=\"wpforms-field-label wpforms-label-hide\" for=\"wpforms-1743-field_3\" aria-hidden=\"false\">Comentario o mensaje <span class=\"wpforms-required-label\" aria-hidden=\"true\">*<\/span><\/label><textarea id=\"wpforms-1743-field_3\" class=\"wpforms-field-medium wpforms-field-required\" name=\"wpforms[fields][3]\" placeholder=\"Comentario o mensaje\" aria-errormessage=\"wpforms-1743-field_3-error\" required><\/textarea><\/div><div id=\"wpforms-1743-field_5-container\" class=\"wpforms-field wpforms-field-checkbox\" data-field-id=\"5\"><fieldset><legend class=\"wpforms-field-label\">Marque la siguiente casilla <span class=\"wpforms-required-label\" aria-hidden=\"true\">*<\/span><\/legend><ul id=\"wpforms-1743-field_5\" class=\"wpforms-field-required\"><li class=\"choice-1 depth-1\"><input type=\"checkbox\" id=\"wpforms-1743-field_5_1\" name=\"wpforms[fields][5][]\" value=\"Acepto condiciones de privacidad\" aria-errormessage=\"wpforms-1743-field_5_1-error\" aria-describedby=\"wpforms-1743-field_5-description\" required ><label class=\"wpforms-field-label-inline\" for=\"wpforms-1743-field_5_1\">Acepto condiciones de privacidad<\/label><\/li><\/ul><div id=\"wpforms-1743-field_5-description\" class=\"wpforms-field-description\">https:\/\/www.avsprevencion.com\/es\/politica-privacidad\/<\/div><\/fieldset><\/div><script>\n\t\t\t\t( function() {\n\t\t\t\t\tconst style = document.createElement( 'style' );\n\t\t\t\t\tstyle.appendChild( document.createTextNode( '#wpforms-1743-field_4-container { position: absolute !important; overflow: hidden !important; display: inline !important; height: 1px !important; width: 1px !important; z-index: -1000 !important; padding: 0 !important; } #wpforms-1743-field_4-container input { visibility: hidden; } #wpforms-conversational-form-page #wpforms-1743-field_4-container label { counter-increment: none; }' ) );\n\t\t\t\t\tdocument.head.appendChild( style );\n\t\t\t\t\tdocument.currentScript?.remove();\n\t\t\t\t} )();\n\t\t\t<\/script><\/div><!-- .wpforms-field-container --><div class=\"wpforms-recaptcha-container wpforms-is-recaptcha wpforms-is-recaptcha-type-v3\" ><input type=\"hidden\" name=\"wpforms[recaptcha]\" value=\"\"><\/div><div class=\"wpforms-submit-container\" ><input type=\"hidden\" name=\"wpforms[id]\" value=\"1743\"><input type=\"hidden\" name=\"page_title\" value=\"\"><input type=\"hidden\" name=\"page_url\" value=\"https:\/\/www.avsprevencion.com\/es\/wp-json\/wp\/v2\/pages\/202\"><input type=\"hidden\" name=\"url_referer\" value=\"\"><button type=\"submit\" name=\"wpforms[submit]\" id=\"wpforms-submit-1743\" class=\"wpforms-submit\" data-alt-text=\"Enviando...\" data-submit-text=\"Enviar\" aria-live=\"assertive\" value=\"wpforms-submit\">Enviar<\/button><img loading=\"lazy\" decoding=\"async\" src=\"https:\/\/www.avsprevencion.com\/es\/wp-content\/plugins\/wpforms-lite\/assets\/images\/submit-spin.svg\" class=\"wpforms-submit-spinner\" style=\"display: none;\" width=\"26\" height=\"26\" alt=\"Cargando\"><\/div><\/form><\/div>  <!-- .wpforms-container -->[\/et_pb_code][\/et_pb_column][et_pb_column type=\u00bb1_2&#8243; specialty_columns=\u00bb2&#8243; _builder_version=\u00bb4.16&#8243; custom_padding=\u00bb|||\u00bb global_colors_info=\u00bb{}\u00bb custom_padding__hover=\u00bb|||\u00bb][et_pb_row_inner custom_padding_last_edited=\u00bbon|phone\u00bb module_id=\u00bbcurriculum\u00bb _builder_version=\u00bb4.23.1&#8243; background_color=\u00bb#2a2a2a\u00bb custom_margin=\u00bb||||false|false\u00bb custom_padding=\u00bb80px|||60px|false|false\u00bb custom_padding_tablet=\u00bb|||70px|false|false\u00bb custom_padding_phone=\u00bb|40px||40px|false|true\u00bb animation_style=\u00bbslide\u00bb animation_direction=\u00bbright\u00bb animation_intensity_slide=\u00bb10%\u00bb global_colors_info=\u00bb{}\u00bb][et_pb_column_inner saved_specialty_column_type=\u00bb1_2&#8243; _builder_version=\u00bb4.16&#8243; custom_padding=\u00bb|||\u00bb global_colors_info=\u00bb{}\u00bb custom_padding__hover=\u00bb|||\u00bb][et_pb_text _builder_version=\u00bb4.16&#8243; text_font=\u00bb||||||||\u00bb header_font=\u00bb||||||||\u00bb header_2_font=\u00bbRubik|700|||||||\u00bb header_2_line_height=\u00bb1.2em\u00bb custom_margin=\u00bb|||-1px||\u00bb animation_style=\u00bbslide\u00bb animation_direction=\u00bbright\u00bb animation_intensity_slide=\u00bb10%\u00bb header_2_font_size_tablet=\u00bb\u00bb header_2_font_size_phone=\u00bb36px\u00bb header_2_font_size_last_edited=\u00bbon|tablet\u00bb locked=\u00bboff\u00bb global_colors_info=\u00bb{}\u00bb]<\/p>\n<h2><span style=\"color: #e09900;\">Trabaje con nosotros<\/span><\/h2>\n<p>[\/et_pb_text][\/et_pb_column_inner][\/et_pb_row_inner][et_pb_row_inner column_structure=\u00bb1_2,1_2&#8243; custom_padding_last_edited=\u00bbon|desktop\u00bb _builder_version=\u00bb4.16&#8243; custom_padding=\u00bb|60px||60px|false|true\u00bb custom_padding_tablet=\u00bb|65px||65px|false|true\u00bb custom_padding_phone=\u00bb|40px||40px|false|true\u00bb global_colors_info=\u00bb{}\u00bb][et_pb_column_inner type=\u00bb1_2&#8243; saved_specialty_column_type=\u00bb1_2&#8243; _builder_version=\u00bb4.16&#8243; custom_padding=\u00bb|||\u00bb global_colors_info=\u00bb{}\u00bb custom_padding__hover=\u00bb|||\u00bb][et_pb_text _builder_version=\u00bb4.16&#8243; animation_style=\u00bbslide\u00bb animation_direction=\u00bbright\u00bb animation_intensity_slide=\u00bb10%\u00bb global_colors_info=\u00bb{}\u00bb]<\/p>\n<p>Si quieres formar parte de nuestra plantilla de profesionales, envia tu curr\u00edculum junto tus motivaciones a la siguiente direcci\u00f3n de correo y estaremos encantados de tener en cuenta tu candidatura.\u00a0<\/p>\n<p>[\/et_pb_text][et_pb_blurb title=\u00bbinfo@avsprevencion.com\u00bb use_icon=\u00bbon\u00bb font_icon=\u00bb&#xe076;||divi||400&#8243; icon_color=\u00bb#666666&#8243; icon_placement=\u00bbleft\u00bb image_icon_width=\u00bb18px\u00bb content_max_width=\u00bb1100px\u00bb _builder_version=\u00bb4.16&#8243; header_font=\u00bbRubik||||||||\u00bb header_font_size=\u00bb16px\u00bb header_line_height=\u00bb1.2em\u00bb body_font=\u00bb||||||||\u00bb module_alignment=\u00bbcenter\u00bb custom_margin=\u00bb40px|||||\u00bb animation_style=\u00bbslide\u00bb animation_direction=\u00bbright\u00bb animation_intensity_slide=\u00bb10%\u00bb animation=\u00bboff\u00bb icon_font_size=\u00bb18px\u00bb locked=\u00bboff\u00bb global_colors_info=\u00bb{}\u00bb][\/et_pb_blurb][\/et_pb_column_inner][et_pb_column_inner type=\u00bb1_2&#8243; saved_specialty_column_type=\u00bb1_2&#8243; _builder_version=\u00bb4.16&#8243; custom_padding=\u00bb|||\u00bb global_colors_info=\u00bb{}\u00bb custom_padding__hover=\u00bb|||\u00bb][et_pb_image src=\u00bbhttps:\/\/www.avsprevencion.com\/es\/wp-content\/uploads\/2019\/10\/dueavs-2.png\u00bb title_text=\u00bbdueavs (2)\u00bb force_fullwidth=\u00bbon\u00bb _builder_version=\u00bb4.16&#8243; _module_preset=\u00bbdefault\u00bb custom_margin=\u00bb-228px||1px||false|false\u00bb custom_margin_tablet=\u00bb-208px||||false|false\u00bb custom_margin_phone=\u00bb0px||||false|false\u00bb custom_margin_last_edited=\u00bbon|phone\u00bb custom_padding=\u00bb43px||||false|false\u00bb global_colors_info=\u00bb{}\u00bb][\/et_pb_image][\/et_pb_column_inner][\/et_pb_row_inner][\/et_pb_column][\/et_pb_section]<\/p>\n","protected":false},"excerpt":{"rendered":"<p>Para AVS el cumplimiento de la normativa vigente as\u00ed como la integraci\u00f3n de la prevenci\u00f3n de riesgos laborales en la gesti\u00f3n de la empresa son objetivos primordiales Salud y Seguridad lo primero equipo y personalRed de CENTROS\u00c1rea T\u00e9cnicahomologacionesPol\u00edticasAVS, entidad acreditada con car\u00e1cter nacional como Servicio de Prevenci\u00f3n de Riesgos Laborales (SP 277\/ 09-SC), para las [&hellip;]<\/p>\n","protected":false},"author":1,"featured_media":0,"parent":0,"menu_order":0,"comment_status":"closed","ping_status":"closed","template":"","meta":{"_et_pb_use_builder":"on","_et_pb_old_content":"","_et_gb_content_width":"","_joinchat":[],"footnotes":""},"class_list":["post-202","page","type-page","status-publish","hentry"],"_links":{"self":[{"href":"https:\/\/www.avsprevencion.com\/es\/wp-json\/wp\/v2\/pages\/202","targetHints":{"allow":["GET"]}}],"collection":[{"href":"https:\/\/www.avsprevencion.com\/es\/wp-json\/wp\/v2\/pages"}],"about":[{"href":"https:\/\/www.avsprevencion.com\/es\/wp-json\/wp\/v2\/types\/page"}],"author":[{"embeddable":true,"href":"https:\/\/www.avsprevencion.com\/es\/wp-json\/wp\/v2\/users\/1"}],"replies":[{"embeddable":true,"href":"https:\/\/www.avsprevencion.com\/es\/wp-json\/wp\/v2\/comments?post=202"}],"version-history":[{"count":112,"href":"https:\/\/www.avsprevencion.com\/es\/wp-json\/wp\/v2\/pages\/202\/revisions"}],"predecessor-version":[{"id":1884,"href":"https:\/\/www.avsprevencion.com\/es\/wp-json\/wp\/v2\/pages\/202\/revisions\/1884"}],"wp:attachment":[{"href":"https:\/\/www.avsprevencion.com\/es\/wp-json\/wp\/v2\/media?parent=202"}],"curies":[{"name":"wp","href":"https:\/\/api.w.org\/{rel}","templated":true}]}}